{"id":672,"date":"2023-10-17T21:43:30","date_gmt":"2023-10-17T19:43:30","guid":{"rendered":"https:\/\/amanitv.media\/?page_id=672"},"modified":"2023-10-17T21:55:25","modified_gmt":"2023-10-17T19:55:25","slug":"a-propos","status":"publish","type":"page","link":"https:\/\/amanitv.media\/?page_id=672","title":{"rendered":"\u00c0 propos"},"content":{"rendered":"\t\t<div data-elementor-type=\"wp-page\" data-elementor-id=\"672\" class=\"elementor elementor-672\" data-elementor-settings=\"[]\">\n\t\t\t\t\t\t\t<div class=\"elementor-section-wrap\">\n\t\t\t\t\t\t\t<section class=\"elementor-section elementor-top-section elementor-element elementor-element-0666919 elementor-section-boxed elementor-section-height-default elementor-section-height-default\" data-id=\"0666919\" data-element_type=\"section\">\n\t\t\t\t\t\t<div class=\"elementor-container elementor-column-gap-default\">\n\t\t\t\t\t<div class=\"elementor-column elementor-col-100 elementor-top-column elementor-element elementor-element-5990348\" data-id=\"5990348\" data-element_type=\"column\">\n\t\t\t<div class=\"elementor-widget-wrap elementor-element-populated\">\n\t\t\t\t\t\t\t\t<div class=\"elementor-element elementor-element-4e615c6 elementor-widget elementor-widget-heading\" data-id=\"4e615c6\" data-element_type=\"widget\" data-widget_type=\"heading.default\">\n\t\t\t\t<div class=\"elementor-widget-container\">\n\t\t\t<h2 class=\"elementor-heading-title elementor-size-default\">QUI SOMMES-NOUS&nbsp;?<\/h2>\t\t<\/div>\n\t\t\t\t<\/div>\n\t\t\t\t<div class=\"elementor-element elementor-element-69559d2 elementor-widget elementor-widget-text-editor\" data-id=\"69559d2\" data-element_type=\"widget\" data-widget_type=\"text-editor.default\">\n\t\t\t\t<div class=\"elementor-widget-container\">\n\t\t\t\t\t\t\t\t<p>Amani TV est \u00e0 la fois une t\u00e9l\u00e9vision panafricaine et une bo\u00eete de production audiovisuelle. <br \/>Compos\u00e9e de professionnels et d\u2019experts de l\u2019Information et de la communication, Amani TV a des d\u00e9partements d\u00e9di\u00e9s \u00e0 la cr\u00e9ation de contenus, \u00e0 la production de connaissances et \u00e0 une tr\u00e8s large diffusion de nos \u00e9missions. <br \/>Au-del\u00e0 de la parfaite maitrise de l\u2019audiovisuel et des TIC, les membres fondateurs de cette\u00a0t\u00e9l\u00e9vision panafricaine sont soucieux du devenir de l\u2019Afrique et du bien-\u00eatre des Africains. Ils ont une connaissance assez profonde de l\u2019Afrique, de son histoire, de ses cultures, de sa g\u00e9opolitique et de ses march\u00e9s \u00e9conomiques.<\/p>\t\t\t\t\t\t<\/div>\n\t\t\t\t<\/div>\n\t\t\t\t\t<\/div>\n\t\t<\/div>\n\t\t\t\t\t\t\t<\/div>\n\t\t<\/section>\n\t\t\t\t<section class=\"elementor-section elementor-top-section elementor-element elementor-element-9bec16b elementor-section-boxed elementor-section-height-default elementor-section-height-default\" data-id=\"9bec16b\" data-element_type=\"section\">\n\t\t\t\t\t\t<div class=\"elementor-container elementor-column-gap-default\">\n\t\t\t\t\t<div class=\"elementor-column elementor-col-100 elementor-top-column elementor-element elementor-element-a8a68d9\" data-id=\"a8a68d9\" data-element_type=\"column\">\n\t\t\t<div class=\"elementor-widget-wrap elementor-element-populated\">\n\t\t\t\t\t\t\t\t<div class=\"elementor-element elementor-element-e306989 elementor-widget elementor-widget-heading\" data-id=\"e306989\" data-element_type=\"widget\" data-widget_type=\"heading.default\">\n\t\t\t\t<div class=\"elementor-widget-container\">\n\t\t\t<h2 class=\"elementor-heading-title elementor-size-default\">NOTRE AMBITION<\/h2>\t\t<\/div>\n\t\t\t\t<\/div>\n\t\t\t\t<div class=\"elementor-element elementor-element-ed37904 elementor-widget elementor-widget-text-editor\" data-id=\"ed37904\" data-element_type=\"widget\" data-widget_type=\"text-editor.default\">\n\t\t\t\t<div class=\"elementor-widget-container\">\n\t\t\t\t\t\t\t\t<p>Amani TV veut relever le d\u00e9fi d\u2019une expertise panafricaine de qualit\u00e9 capable de cr\u00e9er des<br \/>contenus instructifs, de relater et de rendre compte avec clart\u00e9, efficacit\u00e9 et professionnalisme<br \/>l\u2019Histoire de l\u2019Afrique, de pr\u00e9senter et d\u2019expliquer les \u00e9volutions et mutations socioculturelles<br \/>et g\u00e9opolitiques du continent. Amani TV veut ainsi participer \u00e0 la marche du continent en<br \/>rendant plus visible l\u2019\u0153uvre de ceux qui se battent pour une Afrique unie, ind\u00e9pendante,<br \/>d\u00e9mocratique et\u00a0prosp\u00e8re. Nous faisons aussi de la veille m\u00e9diatique, pour nous assurer de la<br \/>visibilit\u00e9 de nos clients et de leur bonne r\u00e9putation.<\/p>\t\t\t\t\t\t<\/div>\n\t\t\t\t<\/div>\n\t\t\t\t\t<\/div>\n\t\t<\/div>\n\t\t\t\t\t\t\t<\/div>\n\t\t<\/section>\n\t\t\t\t<section class=\"elementor-section elementor-top-section elementor-element elementor-element-1b4bd57 elementor-section-boxed elementor-section-height-default elementor-section-height-default\" data-id=\"1b4bd57\" data-element_type=\"section\">\n\t\t\t\t\t\t<div class=\"elementor-container elementor-column-gap-default\">\n\t\t\t\t\t<div class=\"elementor-column elementor-col-100 elementor-top-column elementor-element elementor-element-7d47545\" data-id=\"7d47545\" data-element_type=\"column\">\n\t\t\t<div class=\"elementor-widget-wrap elementor-element-populated\">\n\t\t\t\t\t\t\t\t<div class=\"elementor-element elementor-element-a7741af elementor-widget elementor-widget-heading\" data-id=\"a7741af\" data-element_type=\"widget\" data-widget_type=\"heading.default\">\n\t\t\t\t<div class=\"elementor-widget-container\">\n\t\t\t<h2 class=\"elementor-heading-title elementor-size-default\">NOTRE M\u00c9THODE<\/h2>\t\t<\/div>\n\t\t\t\t<\/div>\n\t\t\t\t<div class=\"elementor-element elementor-element-908b783 elementor-widget elementor-widget-text-editor\" data-id=\"908b783\" data-element_type=\"widget\" data-widget_type=\"text-editor.default\">\n\t\t\t\t<div class=\"elementor-widget-container\">\n\t\t\t\t\t\t\t\t<p>Amani TV, par une organisation m\u00e9thodique d\u00e9finie, organise et structure des actions et des<br \/>activit\u00e9s pour mener des \u00e9tudes, faire des diagnostics et effectuer des caract\u00e9risations des faits<br \/>et liens sociaux pour informer sans parti-pris. Amani TV travaille \u00e0 rendre les discours<br \/>scientifiques accessibles au grand public. Amani TV utilise les moyens et canaux de<br \/>communication les mieux adapt\u00e9s aux faits relat\u00e9s et au contexte social, \u00e9conomique et<br \/>g\u00e9opolitique vis\u00e9. Amani TV compte aussi sur son r\u00e9seau relationnel et sur les radios et<br \/>t\u00e9l\u00e9visions partenaires pour rendre vos produits plus visibles et plus accessibles au grand<br \/>public.<\/p>\t\t\t\t\t\t<\/div>\n\t\t\t\t<\/div>\n\t\t\t\t\t<\/div>\n\t\t<\/div>\n\t\t\t\t\t\t\t<\/div>\n\t\t<\/section>\n\t\t\t\t<section class=\"elementor-section elementor-top-section elementor-element elementor-element-6e5d743 elementor-section-boxed elementor-section-height-default elementor-section-height-default\" data-id=\"6e5d743\" data-element_type=\"section\">\n\t\t\t\t\t\t<div class=\"elementor-container elementor-column-gap-default\">\n\t\t\t\t\t<div class=\"elementor-column elementor-col-100 elementor-top-column elementor-element elementor-element-ce4e17b\" data-id=\"ce4e17b\" data-element_type=\"column\">\n\t\t\t<div class=\"elementor-widget-wrap elementor-element-populated\">\n\t\t\t\t\t\t\t\t<div class=\"elementor-element elementor-element-809e125 elementor-widget elementor-widget-heading\" data-id=\"809e125\" data-element_type=\"widget\" data-widget_type=\"heading.default\">\n\t\t\t\t<div class=\"elementor-widget-container\">\n\t\t\t<h2 class=\"elementor-heading-title elementor-size-default\">NOTRE FORCE<\/h2>\t\t<\/div>\n\t\t\t\t<\/div>\n\t\t\t\t<div class=\"elementor-element elementor-element-d9b14e8 elementor-widget elementor-widget-text-editor\" data-id=\"d9b14e8\" data-element_type=\"widget\" data-widget_type=\"text-editor.default\">\n\t\t\t\t<div class=\"elementor-widget-container\">\n\t\t\t\t\t\t\t\tAmani TV mobilise des hommes et des femmes &#8211; des comp\u00e9tences locales confirm\u00e9es et une<br>expertise panafricaine \u00e0 haute valeur ajout\u00e9e &#8211; qui ont une tr\u00e8s bonne connaissance du tissu<br>socioculturel africain, de l\u2019histoire de ce continent et de son \u00e9volution. Amani TV dispose de<br>moyens techniques et d\u2019outils technologiques de derni\u00e8re g\u00e9n\u00e9ration r\u00e9partis dans plusieurs<br>pays.<br>Amani TV est aussi une maison de distribution des contenus audiovisuels. Nous sommes en<br>partenariat avec des t\u00e9l\u00e9visions nationales et r\u00e9gionales. L\u2019objectif est de permettre \u00e0 nos<br>\u00e9missions de ratisser large et d\u2019\u00eatre suivies par des dizaines voire des centaines de millions, en<br>Afrique est ailleurs. Amani TV travaille en \u00e9troite collaboration avec d\u2019autres chaines de<br>t\u00e9l\u00e9visions pour la reprise de ses contenus.<br>Amani TV est tr\u00e8s au fait de l\u2019\u00e9volution des TIC et utilise aussi les r\u00e9seaux sociaux pour<br>diffuser ses contenus.\t\t\t\t\t\t<\/div>\n\t\t\t\t<\/div>\n\t\t\t\t\t<\/div>\n\t\t<\/div>\n\t\t\t\t\t\t\t<\/div>\n\t\t<\/section>\n\t\t\t\t<section class=\"elementor-section elementor-top-section elementor-element elementor-element-53274a8 elementor-section-boxed elementor-section-height-default elementor-section-height-default\" data-id=\"53274a8\" data-element_type=\"section\">\n\t\t\t\t\t\t<div class=\"elementor-container elementor-column-gap-default\">\n\t\t\t\t\t<div class=\"elementor-column elementor-col-100 elementor-top-column elementor-element elementor-element-a20a059\" data-id=\"a20a059\" data-element_type=\"column\">\n\t\t\t<div class=\"elementor-widget-wrap elementor-element-populated\">\n\t\t\t\t\t\t\t\t<div class=\"elementor-element elementor-element-21a19ef elementor-widget elementor-widget-text-editor\" data-id=\"21a19ef\" data-element_type=\"widget\" data-widget_type=\"text-editor.default\">\n\t\t\t\t<div class=\"elementor-widget-container\">\n\t\t\t\t\t\t\t\t<p>\u00a0<\/p><p><a href=\"https:\/\/amanitv.media\/\" target=\"_blank\" rel=\"noopener\" data-saferedirecturl=\"https:\/\/www.google.com\/url?q=https:\/\/amanitv.media\/&amp;source=gmail&amp;ust=1697655890117000&amp;usg=AOvVaw3unoIrzWZJrEOKPVqHZQ8x\">https:\/\/amanitv.media\/<\/a><\/p><p><a href=\"https:\/\/www.youtube.com\/c\/AmaniTV-afrique\" target=\"_blank\" rel=\"noopener\" data-saferedirecturl=\"https:\/\/www.google.com\/url?q=https:\/\/www.youtube.com\/c\/AmaniTV-afrique&amp;source=gmail&amp;ust=1697655890117000&amp;usg=AOvVaw0x8AgIJp3kqEEiKOPpK0q3\">https:\/\/www.youtube.com\/c\/<wbr \/>AmaniTV-afrique<\/a><br \/>Whatsapp: +221 762342882<\/p><p>\u00a0<\/p><p>\u00a0<\/p>\t\t\t\t\t\t<\/div>\n\t\t\t\t<\/div>\n\t\t\t\t\t<\/div>\n\t\t<\/div>\n\t\t\t\t\t\t\t<\/div>\n\t\t<\/section>\n\t\t\t\t\t\t<\/div>\n\t\t\t\t\t<\/div>\n\t\t","protected":false},"excerpt":{"rendered":"<p>QUI SOMMES-NOUS&nbsp;? Amani TV est \u00e0 la fois une t\u00e9l\u00e9vision panafricaine et une bo\u00eete de production audiovisuelle. Compos\u00e9e de professionnels et d\u2019experts de l\u2019Information et de la communication, Amani TV a des d\u00e9partements d\u00e9di\u00e9s \u00e0 la cr\u00e9ation de contenus, \u00e0 la production de connaissances et \u00e0 une tr\u00e8s large diffusion de nos \u00e9missions. Au-del\u00e0 de [&hellip;]<\/p>\n","protected":false},"author":1,"featured_media":0,"parent":0,"menu_order":0,"comment_status":"closed","ping_status":"closed","template":"elementor_header_footer","meta":{"footnotes":""},"class_list":["post-672","page","type-page","status-publish","hentry"],"yoast_head":"<!-- This site is optimized with the Yoast SEO plugin v18.5.1 - https:\/\/yoast.com\/wordpress\/plugins\/seo\/ -->\n<title>\u00c0 propos - Amani TV<\/title>\n<meta name=\"robots\" content=\"index, follow, max-snippet:-1, max-image-preview:large, max-video-preview:-1\" \/>\n<link rel=\"canonical\" href=\"https:\/\/amanitv.media\/?page_id=672\" \/>\n<meta property=\"og:locale\" content=\"fr_FR\" \/>\n<meta property=\"og:type\" content=\"article\" \/>\n<meta property=\"og:title\" content=\"\u00c0 propos - Amani TV\" \/>\n<meta property=\"og:description\" content=\"QUI SOMMES-NOUS&nbsp;? Amani TV est \u00e0 la fois une t\u00e9l\u00e9vision panafricaine et une bo\u00eete de production audiovisuelle. Compos\u00e9e de professionnels et d\u2019experts de l\u2019Information et de la communication, Amani TV a des d\u00e9partements d\u00e9di\u00e9s \u00e0 la cr\u00e9ation de contenus, \u00e0 la production de connaissances et \u00e0 une tr\u00e8s large diffusion de nos \u00e9missions. Au-del\u00e0 de [&hellip;]\" \/>\n<meta property=\"og:url\" content=\"https:\/\/amanitv.media\/?page_id=672\" \/>\n<meta property=\"og:site_name\" content=\"Amani TV\" \/>\n<meta property=\"article:modified_time\" content=\"2023-10-17T19:55:25+00:00\" \/>\n<meta name=\"twitter:card\" content=\"summary_large_image\" \/>\n<meta name=\"twitter:label1\" content=\"Dur\u00e9e de lecture estim\u00e9e\" \/>\n\t<meta name=\"twitter:data1\" content=\"2 minutes\" \/>\n<script type=\"application\/ld+json\" class=\"yoast-schema-graph\">{\"@context\":\"https:\/\/schema.org\",\"@graph\":[{\"@type\":\"WebSite\",\"@id\":\"https:\/\/amanitv.media\/#website\",\"url\":\"https:\/\/amanitv.media\/\",\"name\":\"Amani TV\",\"description\":\"Un site utilisant WordPress\",\"potentialAction\":[{\"@type\":\"SearchAction\",\"target\":{\"@type\":\"EntryPoint\",\"urlTemplate\":\"https:\/\/amanitv.media\/?s={search_term_string}\"},\"query-input\":\"required name=search_term_string\"}],\"inLanguage\":\"fr-FR\"},{\"@type\":\"WebPage\",\"@id\":\"https:\/\/amanitv.media\/?page_id=672#webpage\",\"url\":\"https:\/\/amanitv.media\/?page_id=672\",\"name\":\"\u00c0 propos - Amani TV\",\"isPartOf\":{\"@id\":\"https:\/\/amanitv.media\/#website\"},\"datePublished\":\"2023-10-17T19:43:30+00:00\",\"dateModified\":\"2023-10-17T19:55:25+00:00\",\"breadcrumb\":{\"@id\":\"https:\/\/amanitv.media\/?page_id=672#breadcrumb\"},\"inLanguage\":\"fr-FR\",\"potentialAction\":[{\"@type\":\"ReadAction\",\"target\":[\"https:\/\/amanitv.media\/?page_id=672\"]}]},{\"@type\":\"BreadcrumbList\",\"@id\":\"https:\/\/amanitv.media\/?page_id=672#breadcrumb\",\"itemListElement\":[{\"@type\":\"ListItem\",\"position\":1,\"name\":\"Accueil\",\"item\":\"https:\/\/amanitv.media\/?lang=en\"},{\"@type\":\"ListItem\",\"position\":2,\"name\":\"\u00c0 propos\"}]}]}<\/script>\n<!-- \/ Yoast SEO plugin. -->","yoast_head_json":{"title":"\u00c0 propos - Amani TV","robots":{"index":"index","follow":"follow","max-snippet":"max-snippet:-1","max-image-preview":"max-image-preview:large","max-video-preview":"max-video-preview:-1"},"canonical":"https:\/\/amanitv.media\/?page_id=672","og_locale":"fr_FR","og_type":"article","og_title":"\u00c0 propos - Amani TV","og_description":"QUI SOMMES-NOUS&nbsp;? Amani TV est \u00e0 la fois une t\u00e9l\u00e9vision panafricaine et une bo\u00eete de production audiovisuelle. Compos\u00e9e de professionnels et d\u2019experts de l\u2019Information et de la communication, Amani TV a des d\u00e9partements d\u00e9di\u00e9s \u00e0 la cr\u00e9ation de contenus, \u00e0 la production de connaissances et \u00e0 une tr\u00e8s large diffusion de nos \u00e9missions. Au-del\u00e0 de [&hellip;]","og_url":"https:\/\/amanitv.media\/?page_id=672","og_site_name":"Amani TV","article_modified_time":"2023-10-17T19:55:25+00:00","twitter_card":"summary_large_image","twitter_misc":{"Dur\u00e9e de lecture estim\u00e9e":"2 minutes"},"schema":{"@context":"https:\/\/schema.org","@graph":[{"@type":"WebSite","@id":"https:\/\/amanitv.media\/#website","url":"https:\/\/amanitv.media\/","name":"Amani TV","description":"Un site utilisant WordPress","potentialAction":[{"@type":"SearchAction","target":{"@type":"EntryPoint","urlTemplate":"https:\/\/amanitv.media\/?s={search_term_string}"},"query-input":"required name=search_term_string"}],"inLanguage":"fr-FR"},{"@type":"WebPage","@id":"https:\/\/amanitv.media\/?page_id=672#webpage","url":"https:\/\/amanitv.media\/?page_id=672","name":"\u00c0 propos - Amani TV","isPartOf":{"@id":"https:\/\/amanitv.media\/#website"},"datePublished":"2023-10-17T19:43:30+00:00","dateModified":"2023-10-17T19:55:25+00:00","breadcrumb":{"@id":"https:\/\/amanitv.media\/?page_id=672#breadcrumb"},"inLanguage":"fr-FR","potentialAction":[{"@type":"ReadAction","target":["https:\/\/amanitv.media\/?page_id=672"]}]},{"@type":"BreadcrumbList","@id":"https:\/\/amanitv.media\/?page_id=672#breadcrumb","itemListElement":[{"@type":"ListItem","position":1,"name":"Accueil","item":"https:\/\/amanitv.media\/?lang=en"},{"@type":"ListItem","position":2,"name":"\u00c0 propos"}]}]}},"_links":{"self":[{"href":"https:\/\/amanitv.media\/index.php?rest_route=\/wp\/v2\/pages\/672","targetHints":{"allow":["GET"]}}],"collection":[{"href":"https:\/\/amanitv.media\/index.php?rest_route=\/wp\/v2\/pages"}],"about":[{"href":"https:\/\/amanitv.media\/index.php?rest_route=\/wp\/v2\/types\/page"}],"author":[{"embeddable":true,"href":"https:\/\/amanitv.media\/index.php?rest_route=\/wp\/v2\/users\/1"}],"replies":[{"embeddable":true,"href":"https:\/\/amanitv.media\/index.php?rest_route=%2Fwp%2Fv2%2Fcomments&post=672"}],"version-history":[{"count":7,"href":"https:\/\/amanitv.media\/index.php?rest_route=\/wp\/v2\/pages\/672\/revisions"}],"predecessor-version":[{"id":680,"href":"https:\/\/amanitv.media\/index.php?rest_route=\/wp\/v2\/pages\/672\/revisions\/680"}],"wp:attachment":[{"href":"https:\/\/amanitv.media\/index.php?rest_route=%2Fwp%2Fv2%2Fmedia&parent=672"}],"curies":[{"name":"wp","href":"https:\/\/api.w.org\/{rel}","templated":true}]}}